{"id":24929,"date":"2026-02-04T21:04:06","date_gmt":"2026-02-04T20:04:06","guid":{"rendered":"https:\/\/inveralfa.com\/inveralfa-academy\/"},"modified":"2026-04-27T21:36:35","modified_gmt":"2026-04-27T19:36:35","slug":"inveralfa-academy","status":"publish","type":"page","link":"https:\/\/inveralfa.com\/es\/inveralfa-academy\/","title":{"rendered":"Inveralfa Academy"},"content":{"rendered":"\t\t<div data-elementor-type=\"wp-page\" data-elementor-id=\"24929\" class=\"elementor elementor-24929 elementor-23509\">\n\t\t\t\t\t\t<section class=\"elementor-section elementor-top-section elementor-element elementor-element-1001273 elementor-section-boxed elementor-section-height-default elementor-section-height-default\" data-id=\"1001273\" data-element_type=\"section\" data-e-type=\"section\">\n\t\t\t\t\t\t<div class=\"elementor-container elementor-column-gap-default\">\n\t\t\t\t\t<div class=\"elementor-column elementor-col-100 elementor-top-column elementor-element elementor-element-821355e\" data-id=\"821355e\" data-element_type=\"column\" data-e-type=\"column\">\n\t\t\t<div class=\"elementor-widget-wrap elementor-element-populated\">\n\t\t\t\t\t\t<section class=\"elementor-section elementor-inner-section elementor-element elementor-element-dc90d32 elementor-section-boxed elementor-section-height-default elementor-section-height-default\" data-id=\"dc90d32\" data-element_type=\"section\" data-e-type=\"section\">\n\t\t\t\t\t\t<div class=\"elementor-container elementor-column-gap-default\">\n\t\t\t\t\t<div class=\"elementor-column elementor-col-50 elementor-inner-column elementor-element elementor-element-62eea31\" data-id=\"62eea31\" data-element_type=\"column\" data-e-type=\"column\">\n\t\t\t<div class=\"elementor-widget-wrap elementor-element-populated\">\n\t\t\t\t\t\t<div class=\"elementor-element elementor-element-ae966f7 elementor-widget elementor-widget-image\" data-id=\"ae966f7\" data-element_type=\"widget\" data-e-type=\"widget\" data-widget_type=\"image.default\">\n\t\t\t\t\t\t\t\t\t\t\t\t\t\t\t<img decoding=\"async\" width=\"300\" height=\"143\" src=\"https:\/\/inveralfa.com\/wp-content\/uploads\/2026\/02\/Inveralfa-Academy-e1772032358539-300x143.png\" class=\"attachment-medium size-medium wp-image-24928\" alt=\"\" srcset=\"https:\/\/inveralfa.com\/wp-content\/uploads\/2026\/02\/Inveralfa-Academy-e1772032358539-300x143.png 300w, https:\/\/inveralfa.com\/wp-content\/uploads\/2026\/02\/Inveralfa-Academy-e1772032358539-768x366.png 768w, https:\/\/inveralfa.com\/wp-content\/uploads\/2026\/02\/Inveralfa-Academy-e1772032358539-600x286.png 600w, https:\/\/inveralfa.com\/wp-content\/uploads\/2026\/02\/Inveralfa-Academy-e1772032358539-105x50.png 105w, https:\/\/inveralfa.com\/wp-content\/uploads\/2026\/02\/Inveralfa-Academy-e1772032358539.png 908w\" sizes=\"(max-width: 300px) 100vw, 300px\" \/>\t\t\t\t\t\t\t\t\t\t\t\t\t\t\t<\/div>\n\t\t\t\t<div class=\"elementor-element elementor-element-cd3b20b elementor-invisible elementor-widget elementor-widget-edublink-heading\" data-id=\"cd3b20b\" data-element_type=\"widget\" data-e-type=\"widget\" data-settings=\"{&quot;_animation&quot;:&quot;edublink--slide-up&quot;,&quot;_animation_delay&quot;:150}\" data-widget_type=\"edublink-heading.default\">\n\t\t\t\t<div class=\"elementor-widget-container\">\n\t\t\t\t\t<div class=\"edublink-section-heading\"><span class=\"pre-heading\">DESCUBRA NUESTRA ACADEMIA<\/span><h3 class=\"heading\">Oferta formativa que genera un impulso profesional<\/h3><div class=\"title-shape\"><i class=\"icon-19\"><\/i><\/div><\/div>\t\t\t\t<\/div>\n\t\t\t\t<\/div>\n\t\t\t\t\t<\/div>\n\t\t<\/div>\n\t\t\t\t<div class=\"elementor-column elementor-col-50 elementor-inner-column elementor-element elementor-element-bb4cf82 elementor-invisible\" data-id=\"bb4cf82\" data-element_type=\"column\" data-e-type=\"column\" data-settings=\"{&quot;animation&quot;:&quot;edublink--slide-up&quot;,&quot;animation_delay&quot;:150}\">\n\t\t\t<div class=\"elementor-widget-wrap elementor-element-populated\">\n\t\t\t\t\t\t<div class=\"elementor-element elementor-element-91a0637 elementor-widget elementor-widget-text-editor\" data-id=\"91a0637\" data-element_type=\"widget\" data-e-type=\"widget\" data-widget_type=\"text-editor.default\">\n\t\t\t\t\t\t\t\t\t<p data-start=\"425\" data-end=\"672\">Inveralfa Academy es la divisi\u00f3n de formaci\u00f3n de Inveralfa Solutions Group, dedicada al dise\u00f1o y la impartici\u00f3n de <strong data-start=\"536\" data-end=\"585\">programas de formaci\u00f3n profesional<\/strong> para particulares y organizaciones que operan en entornos regulados y competitivos.<\/p><p data-start=\"674\" data-end=\"717\">Estamos especializados en \u00e1reas estrat\u00e9gicas como:<\/p>\t\t\t\t\t\t\t\t<\/div>\n\t\t\t\t<div class=\"elementor-element elementor-element-a86de49 edublink-font-secondary elementor-icon-list--layout-traditional elementor-list-item-link-full_width elementor-widget elementor-widget-icon-list\" data-id=\"a86de49\" data-element_type=\"widget\" data-e-type=\"widget\" data-widget_type=\"icon-list.default\">\n\t\t\t\t\t\t\t<ul class=\"elementor-icon-list-items\">\n\t\t\t\t\t\t\t<li class=\"elementor-icon-list-item\">\n\t\t\t\t\t\t\t\t\t\t\t<span class=\"elementor-icon-list-icon\">\n\t\t\t\t\t\t\t<i aria-hidden=\"true\" class=\"edublink icon-20\"><\/i>\t\t\t\t\t\t<\/span>\n\t\t\t\t\t\t\t\t\t\t<span class=\"elementor-icon-list-text\">Finanzas y regulaci\u00f3n financiera<\/span>\n\t\t\t\t\t\t\t\t\t<\/li>\n\t\t\t\t\t\t\t\t<li class=\"elementor-icon-list-item\">\n\t\t\t\t\t\t\t\t\t\t\t<span class=\"elementor-icon-list-icon\">\n\t\t\t\t\t\t\t<i aria-hidden=\"true\" class=\"edublink icon-20\"><\/i>\t\t\t\t\t\t<\/span>\n\t\t\t\t\t\t\t\t\t\t<span class=\"elementor-icon-list-text\">Desarrollo del liderazgo y de las habilidades interpersonales<\/span>\n\t\t\t\t\t\t\t\t\t<\/li>\n\t\t\t\t\t\t\t\t<li class=\"elementor-icon-list-item\">\n\t\t\t\t\t\t\t\t\t\t\t<span class=\"elementor-icon-list-icon\">\n\t\t\t\t\t\t\t<i aria-hidden=\"true\" class=\"edublink icon-20\"><\/i>\t\t\t\t\t\t<\/span>\n\t\t\t\t\t\t\t\t\t\t<span class=\"elementor-icon-list-text\">Criptoactivos, blockchain e inversi\u00f3n digital<\/span>\n\t\t\t\t\t\t\t\t\t<\/li>\n\t\t\t\t\t\t\t\t<li class=\"elementor-icon-list-item\">\n\t\t\t\t\t\t\t\t\t\t\t<span class=\"elementor-icon-list-icon\">\n\t\t\t\t\t\t\t<i aria-hidden=\"true\" class=\"edublink icon-20\"><\/i>\t\t\t\t\t\t<\/span>\n\t\t\t\t\t\t\t\t\t\t<span class=\"elementor-icon-list-text\">Programas de formaci\u00f3n corporativa a medida<\/span>\n\t\t\t\t\t\t\t\t\t<\/li>\n\t\t\t\t\t\t<\/ul>\n\t\t\t\t\t\t<\/div>\n\t\t\t\t<div class=\"elementor-element elementor-element-ddb1b9f elementor-widget elementor-widget-text-editor\" data-id=\"ddb1b9f\" data-element_type=\"widget\" data-e-type=\"widget\" data-widget_type=\"text-editor.default\">\n\t\t\t\t\t\t\t\t\t<p data-start=\"913\" data-end=\"1158\">Nuestras sesiones de formaci\u00f3n son din\u00e1micas, pr\u00e1cticas y est\u00e1n estrechamente alineadas con las necesidades reales del mercado. Cada programa se ha dise\u00f1ado con un objetivo claro: <strong data-start=\"1061\" data-end=\"1157\">generar un impacto tangible en el funcionamiento, la comunicaci\u00f3n y la competitividad de la organizaci\u00f3n.<\/strong> <\/p>\t\t\t\t\t\t\t\t<\/div>\n\t\t\t\t\t<\/div>\n\t\t<\/div>\n\t\t\t\t\t<\/div>\n\t\t<\/section>\n\t\t\t\t\t<\/div>\n\t\t<\/div>\n\t\t\t\t\t<\/div>\n\t\t<\/section>\n\t\t<div class=\"elementor-element elementor-element-17beb9e e-flex e-con-boxed e-con e-parent\" data-id=\"17beb9e\" data-element_type=\"container\" data-e-type=\"container\">\n\t\t\t\t\t<div class=\"e-con-inner\">\n\t\t\t\t<div class=\"elementor-element elementor-element-abd3a46 elementor-widget elementor-widget-image\" data-id=\"abd3a46\" data-element_type=\"widget\" data-e-type=\"widget\" data-widget_type=\"image.default\">\n\t\t\t\t\t\t\t\t\t\t\t\t\t\t\t<img fetchpriority=\"high\" decoding=\"async\" width=\"640\" height=\"427\" src=\"https:\/\/inveralfa.com\/wp-content\/uploads\/2026\/02\/Alvaro-Formacion-768x512.png\" class=\"attachment-medium_large size-medium_large wp-image-24917\" alt=\"\" srcset=\"https:\/\/inveralfa.com\/wp-content\/uploads\/2026\/02\/Alvaro-Formacion-768x512.png 768w, https:\/\/inveralfa.com\/wp-content\/uploads\/2026\/02\/Alvaro-Formacion-300x200.png 300w, https:\/\/inveralfa.com\/wp-content\/uploads\/2026\/02\/Alvaro-Formacion-1024x683.png 1024w, https:\/\/inveralfa.com\/wp-content\/uploads\/2026\/02\/Alvaro-Formacion-600x400.png 600w, https:\/\/inveralfa.com\/wp-content\/uploads\/2026\/02\/Alvaro-Formacion-75x50.png 75w, https:\/\/inveralfa.com\/wp-content\/uploads\/2026\/02\/Alvaro-Formacion.png 1248w\" sizes=\"(max-width: 640px) 100vw, 640px\" \/>\t\t\t\t\t\t\t\t\t\t\t\t\t\t\t<\/div>\n\t\t\t\t\t<\/div>\n\t\t\t\t<\/div>\n\t\t\t\t<section class=\"elementor-section elementor-top-section elementor-element elementor-element-daf9aad elementor-section-boxed elementor-section-height-default elementor-section-height-default\" data-id=\"daf9aad\" data-element_type=\"section\" data-e-type=\"section\">\n\t\t\t\t\t\t<div class=\"elementor-container elementor-column-gap-default\">\n\t\t\t\t\t<div class=\"elementor-column elementor-col-100 elementor-top-column elementor-element elementor-element-b83ef68\" data-id=\"b83ef68\" data-element_type=\"column\" data-e-type=\"column\">\n\t\t\t<div class=\"elementor-widget-wrap elementor-element-populated\">\n\t\t\t\t\t\t<section class=\"elementor-section elementor-inner-section elementor-element elementor-element-6daf541 elementor-section-boxed elementor-section-height-default elementor-section-height-default\" data-id=\"6daf541\" data-element_type=\"section\" data-e-type=\"section\">\n\t\t\t\t\t\t<div class=\"elementor-container elementor-column-gap-default\">\n\t\t\t\t\t<div class=\"elementor-column elementor-col-100 elementor-inner-column elementor-element elementor-element-651273b elementor-invisible\" data-id=\"651273b\" data-element_type=\"column\" data-e-type=\"column\" data-settings=\"{&quot;animation&quot;:&quot;edublink--slide-up&quot;,&quot;animation_delay&quot;:150}\">\n\t\t\t<div class=\"elementor-widget-wrap elementor-element-populated\">\n\t\t\t\t\t\t<div class=\"elementor-element elementor-element-dafffa6 elementor-widget elementor-widget-edublink-heading\" data-id=\"dafffa6\" data-element_type=\"widget\" data-e-type=\"widget\" data-widget_type=\"edublink-heading.default\">\n\t\t\t\t<div class=\"elementor-widget-container\">\n\t\t\t\t\t<div class=\"edublink-section-heading\"><h3 class=\"heading\">Qu\u00e9 ofrecemos<\/h3><div class=\"sub-heading\"><p>Ayudamos a nuestros clientes en todos los aspectos clave del cumplimiento GDPR, entre los que se incluyen::<\/p>\n<\/div><\/div>\t\t\t\t<\/div>\n\t\t\t\t<\/div>\n\t\t\t\t\t<\/div>\n\t\t<\/div>\n\t\t\t\t\t<\/div>\n\t\t<\/section>\n\t\t\t\t\t<\/div>\n\t\t<\/div>\n\t\t\t\t\t<\/div>\n\t\t<\/section>\n\t\t\t\t<section class=\"elementor-section elementor-top-section elementor-element elementor-element-5d1c3e9 elementor-section-boxed elementor-section-height-default elementor-section-height-default\" data-id=\"5d1c3e9\" data-element_type=\"section\" data-e-type=\"section\">\n\t\t\t\t\t\t<div class=\"elementor-container elementor-column-gap-default\">\n\t\t\t\t\t<div class=\"elementor-column elementor-col-100 elementor-top-column elementor-element elementor-element-cdbaf4e\" data-id=\"cdbaf4e\" data-element_type=\"column\" data-e-type=\"column\">\n\t\t\t<div class=\"elementor-widget-wrap elementor-element-populated\">\n\t\t\t\t\t\t<section class=\"elementor-section elementor-inner-section elementor-element elementor-element-4cfc5f5 elementor-section-boxed elementor-section-height-default elementor-section-height-default\" data-id=\"4cfc5f5\" data-element_type=\"section\" data-e-type=\"section\">\n\t\t\t\t\t\t<div class=\"elementor-container elementor-column-gap-default\">\n\t\t\t\t\t<div class=\"elementor-column elementor-col-33 elementor-inner-column elementor-element elementor-element-c5eb219 elementor-invisible\" data-id=\"c5eb219\" data-element_type=\"column\" data-e-type=\"column\" data-settings=\"{&quot;background_background&quot;:&quot;classic&quot;,&quot;animation&quot;:&quot;edublink--slide-up&quot;,&quot;animation_delay&quot;:50}\">\n\t\t\t<div class=\"elementor-widget-wrap elementor-element-populated\">\n\t\t\t\t\t\t<div class=\"elementor-element elementor-element-03fb94e elementor-widget elementor-widget-edublink-icon-box\" data-id=\"03fb94e\" data-element_type=\"widget\" data-e-type=\"widget\" data-widget_type=\"edublink-icon-box.default\">\n\t\t\t\t<div class=\"elementor-widget-container\">\n\t\t\t\t\t<div class=\"edublink-icon-box-wrapper edublink-icon-box-icon edublink-icon-box-icon-position-\"><div class=\"edublink-icon-box-icon edublink-icon-box-enable\"><i aria-hidden=\"true\" class=\"far fa-chart-bar\"><\/i><\/div><div class=\"edublink-icon-box-content\"><h5 class=\"edublink-icon-box-title\">Cursos especializados en regulaci\u00f3n financiera<\/h5><div class=\"edublink-icon-box-details\"><p>(AML\/KYC, UCITS, AIFMD, MiFID II, ESG, DORA, entre otros)<\/p>\n<\/div><\/div><\/div>\t\t\t\t<\/div>\n\t\t\t\t<\/div>\n\t\t\t\t\t<\/div>\n\t\t<\/div>\n\t\t\t\t<div class=\"elementor-column elementor-col-33 elementor-inner-column elementor-element elementor-element-a9c8bf5 elementor-invisible\" data-id=\"a9c8bf5\" data-element_type=\"column\" data-e-type=\"column\" data-settings=\"{&quot;background_background&quot;:&quot;classic&quot;,&quot;animation&quot;:&quot;edublink--slide-up&quot;,&quot;animation_delay&quot;:100}\">\n\t\t\t<div class=\"elementor-widget-wrap elementor-element-populated\">\n\t\t\t\t\t\t<div class=\"elementor-element elementor-element-a86f3a0 elementor-widget elementor-widget-edublink-icon-box\" data-id=\"a86f3a0\" data-element_type=\"widget\" data-e-type=\"widget\" data-widget_type=\"edublink-icon-box.default\">\n\t\t\t\t<div class=\"elementor-widget-container\">\n\t\t\t\t\t<div class=\"edublink-icon-box-wrapper edublink-icon-box-icon edublink-icon-box-icon-position-\"><div class=\"edublink-icon-box-icon edublink-icon-box-enable\"><i aria-hidden=\"true\" class=\"edublink icon-8\"><\/i><\/div><div class=\"edublink-icon-box-content\"><h5 class=\"edublink-icon-box-title\">Formaci\u00f3n en comunicaci\u00f3n y liderazgo<\/h5><div class=\"edublink-icon-box-details\"><p>Incluyendo c\u00f3mo hablar en p\u00fablico, mentoring y coaching<\/p>\n<\/div><\/div><\/div>\t\t\t\t<\/div>\n\t\t\t\t<\/div>\n\t\t\t\t\t<\/div>\n\t\t<\/div>\n\t\t\t\t<div class=\"elementor-column elementor-col-33 elementor-inner-column elementor-element elementor-element-688edea elementor-invisible\" data-id=\"688edea\" data-element_type=\"column\" data-e-type=\"column\" data-settings=\"{&quot;background_background&quot;:&quot;classic&quot;,&quot;animation&quot;:&quot;edublink--slide-up&quot;,&quot;animation_delay&quot;:150}\">\n\t\t\t<div class=\"elementor-widget-wrap elementor-element-populated\">\n\t\t\t\t\t\t<div class=\"elementor-element elementor-element-5e9857b elementor-widget elementor-widget-edublink-icon-box\" data-id=\"5e9857b\" data-element_type=\"widget\" data-e-type=\"widget\" data-widget_type=\"edublink-icon-box.default\">\n\t\t\t\t<div class=\"elementor-widget-container\">\n\t\t\t\t\t<div class=\"edublink-icon-box-wrapper edublink-icon-box-icon edublink-icon-box-icon-position-\"><div class=\"edublink-icon-box-icon edublink-icon-box-enable\"><i aria-hidden=\"true\" class=\"edublink icon-35\"><\/i><\/div><div class=\"edublink-icon-box-content\"><h5 class=\"edublink-icon-box-title\">Workshops personalizados y programas para empresas<\/h5><div class=\"edublink-icon-box-details\"><p>adaptado a las necesidades espec\u00edficas de la organizaci\u00f3n<\/p>\n<\/div><\/div><\/div>\t\t\t\t<\/div>\n\t\t\t\t<\/div>\n\t\t\t\t\t<\/div>\n\t\t<\/div>\n\t\t\t\t\t<\/div>\n\t\t<\/section>\n\t\t\t\t\t<\/div>\n\t\t<\/div>\n\t\t\t\t\t<\/div>\n\t\t<\/section>\n\t\t\t\t<section class=\"elementor-section elementor-top-section elementor-element elementor-element-e9e25c6 elementor-section-boxed elementor-section-height-default elementor-section-height-default\" data-id=\"e9e25c6\" data-element_type=\"section\" data-e-type=\"section\">\n\t\t\t\t\t\t<div class=\"elementor-container elementor-column-gap-default\">\n\t\t\t\t\t<div class=\"elementor-column elementor-col-100 elementor-top-column elementor-element elementor-element-b7a0b49\" data-id=\"b7a0b49\" data-element_type=\"column\" data-e-type=\"column\">\n\t\t\t<div class=\"elementor-widget-wrap elementor-element-populated\">\n\t\t\t\t\t\t<section class=\"elementor-section elementor-inner-section elementor-element elementor-element-79f5883 elementor-section-boxed elementor-section-height-default elementor-section-height-default\" data-id=\"79f5883\" data-element_type=\"section\" data-e-type=\"section\">\n\t\t\t\t\t\t<div class=\"elementor-container elementor-column-gap-default\">\n\t\t\t\t\t<div class=\"elementor-column elementor-col-33 elementor-inner-column elementor-element elementor-element-661df44 elementor-invisible\" data-id=\"661df44\" data-element_type=\"column\" data-e-type=\"column\" data-settings=\"{&quot;background_background&quot;:&quot;classic&quot;,&quot;animation&quot;:&quot;edublink--slide-up&quot;,&quot;animation_delay&quot;:50}\">\n\t\t\t<div class=\"elementor-widget-wrap elementor-element-populated\">\n\t\t\t\t\t\t<div class=\"elementor-element elementor-element-e5f2e69 elementor-widget elementor-widget-edublink-icon-box\" data-id=\"e5f2e69\" data-element_type=\"widget\" data-e-type=\"widget\" data-widget_type=\"edublink-icon-box.default\">\n\t\t\t\t<div class=\"elementor-widget-container\">\n\t\t\t\t\t<div class=\"edublink-icon-box-wrapper edublink-icon-box-icon edublink-icon-box-icon-position-\"><div class=\"edublink-icon-box-icon edublink-icon-box-enable\"><i aria-hidden=\"true\" class=\"edublink icon-5\"><\/i><\/div><div class=\"edublink-icon-box-content\"><h5 class=\"edublink-icon-box-title\">Formatos flexibles<\/h5><div class=\"edublink-icon-box-details\"><p>Presencial, online o h\u00edbrido<\/p>\n<\/div><\/div><\/div>\t\t\t\t<\/div>\n\t\t\t\t<\/div>\n\t\t\t\t\t<\/div>\n\t\t<\/div>\n\t\t\t\t<div class=\"elementor-column elementor-col-33 elementor-inner-column elementor-element elementor-element-3075fb7 elementor-invisible\" data-id=\"3075fb7\" data-element_type=\"column\" data-e-type=\"column\" data-settings=\"{&quot;background_background&quot;:&quot;classic&quot;,&quot;animation&quot;:&quot;edublink--slide-up&quot;,&quot;animation_delay&quot;:100}\">\n\t\t\t<div class=\"elementor-widget-wrap elementor-element-populated\">\n\t\t\t\t\t\t<div class=\"elementor-element elementor-element-4e77093 elementor-widget elementor-widget-edublink-icon-box\" data-id=\"4e77093\" data-element_type=\"widget\" data-e-type=\"widget\" data-widget_type=\"edublink-icon-box.default\">\n\t\t\t\t<div class=\"elementor-widget-container\">\n\t\t\t\t\t<div class=\"edublink-icon-box-wrapper edublink-icon-box-icon edublink-icon-box-icon-position-\"><div class=\"edublink-icon-box-icon edublink-icon-box-enable\"><i aria-hidden=\"true\" class=\"fas fa-language\"><\/i><\/div><div class=\"edublink-icon-box-content\"><h5 class=\"edublink-icon-box-title\">Contenidos multiling\u00fces<\/h5><div class=\"edublink-icon-box-details\"><p>Disponibles en ingl\u00e9s, espa\u00f1ol y franc\u00e9s<\/p>\n<\/div><\/div><\/div>\t\t\t\t<\/div>\n\t\t\t\t<\/div>\n\t\t\t\t\t<\/div>\n\t\t<\/div>\n\t\t\t\t<div class=\"elementor-column elementor-col-33 elementor-inner-column elementor-element elementor-element-aff3174 elementor-invisible\" data-id=\"aff3174\" data-element_type=\"column\" data-e-type=\"column\" data-settings=\"{&quot;background_background&quot;:&quot;classic&quot;,&quot;animation&quot;:&quot;edublink--slide-up&quot;,&quot;animation_delay&quot;:150}\">\n\t\t\t<div class=\"elementor-widget-wrap\">\n\t\t\t\t\t\t\t<\/div>\n\t\t<\/div>\n\t\t\t\t\t<\/div>\n\t\t<\/section>\n\t\t\t\t\t<\/div>\n\t\t<\/div>\n\t\t\t\t\t<\/div>\n\t\t<\/section>\n\t\t\t\t<section class=\"elementor-section elementor-top-section elementor-element elementor-element-76852da elementor-section-boxed elementor-section-height-default elementor-section-height-default\" data-id=\"76852da\" data-element_type=\"section\" data-e-type=\"section\" data-settings=\"{&quot;background_background&quot;:&quot;classic&quot;}\">\n\t\t\t\t\t\t<div class=\"elementor-container elementor-column-gap-extended\">\n\t\t\t\t\t<div class=\"elementor-column elementor-col-100 elementor-top-column elementor-element elementor-element-ad9a88f\" data-id=\"ad9a88f\" data-element_type=\"column\" data-e-type=\"column\">\n\t\t\t<div class=\"elementor-widget-wrap elementor-element-populated\">\n\t\t\t\t\t\t<div class=\"elementor-element elementor-element-3c24e4a elementor-invisible elementor-widget elementor-widget-edublink-heading\" data-id=\"3c24e4a\" data-element_type=\"widget\" data-e-type=\"widget\" data-settings=\"{&quot;_animation&quot;:&quot;edublink--slide-up&quot;,&quot;_animation_delay&quot;:150}\" data-widget_type=\"edublink-heading.default\">\n\t\t\t\t<div class=\"elementor-widget-container\">\n\t\t\t\t\t<div class=\"edublink-section-heading\"><span class=\"pre-heading\">LOS CURSOS M\u00c1S SOLICITADOS<\/span><h3 class=\"heading\">Descubra nuestros cursos<\/h3><div class=\"title-shape\"><i class=\"icon-19\"><\/i><\/div><\/div>\t\t\t\t<\/div>\n\t\t\t\t<\/div>\n\t\t\t\t<div class=\"elementor-element elementor-element-19385ed elementor-invisible elementor-widget elementor-widget-edublink-tl-courses\" data-id=\"19385ed\" data-element_type=\"widget\" data-e-type=\"widget\" data-settings=\"{&quot;_animation&quot;:&quot;edublink--slide-up&quot;,&quot;_animation_delay&quot;:250}\" data-widget_type=\"edublink-tl-courses.default\">\n\t\t\t\t<div class=\"elementor-widget-container\">\n\t\t\t\t\t<div class=\"edublink-course-widget-wrapper\"><div class=\"eb-masonry-grid-wrapper eb-tutor-archive-courses edublink-course-archive edublink-lms-courses-grid active-white-bg edublink-row\"><\/div><\/div><div class=\"tutor-modal tutor-login-modal\" role=\"dialog\" aria-modal=\"true\" aria-labelledby=\"tutor-login-modal-title\" aria-hidden=\"true\">\n\t<div class=\"tutor-modal-overlay\"><\/div>\n\t<div class=\"tutor-modal-window tutor-modal-window-sm\">\n\t\t<div class=\"tutor-modal-content tutor-modal-content-white\">\n\t\t\t<button class=\"tutor-iconic-btn tutor-modal-close-o\" data-tutor-modal-close aria-label=\"Close login dialog\">\n\t\t\t\t<span class=\"tutor-icon-times\" aria-hidden=\"true\"><\/span>\n\t\t\t<\/button>\n\n\t\t\t<div class=\"tutor-modal-body\">\n\t\t\t\t<div class=\"tutor-py-48\">\n\t\t\t\t\t\t\t\t\t\t<div id=\"tutor-login-modal-title\" class=\"tutor-fs-4 tutor-fw-medium tutor-color-black tutor-mb-32\">\u00a1Hola, bienvenido de nuevo!<\/div>\n\t\t\t\t\t<form id=\"tutor-login-form\" method=\"post\">\n\t\t<input type=\"hidden\" id=\"_tutor_nonce\" name=\"_tutor_nonce\" value=\"b36f044714\" \/><input type=\"hidden\" name=\"_wp_http_referer\" value=\"\/es\/wp-json\/wp\/v2\/pages\/24929\" \/>\t<input type=\"hidden\" name=\"tutor_action\" value=\"tutor_user_login\" \/>\n\t<input type=\"hidden\" name=\"redirect_to\" value=\"https:\/\/inveralfa.com\/es\/wp-json\/wp\/v2\/pages\/24929\" \/>\n\n\t<div class=\"tutor-mb-20\">\n\t\t<input type=\"text\" class=\"tutor-form-control\" placeholder=\"Nombre de usuario o correo electr\u00f3nico\" name=\"log\" value=\"\" size=\"20\" required\/>\n\t<\/div>\n\n\t<div class=\"tutor-mb-32\">\n\t\t<input type=\"password\" class=\"tutor-form-control\" placeholder=\"Contrase\u00f1a\" name=\"pwd\" value=\"\" size=\"20\" required\/>\n\t<\/div>\n\n\t<div class=\"tutor-login-error\" role=\"alert\" aria-live=\"polite\"><\/div>\n\t\t\t<input type=\"hidden\" name=\"timezone\" value=\"Europe\/Brussels\" \/>\n\t\t<script>\n\t\t\tdocument.addEventListener('DOMContentLoaded', function() {\n\t\t\t\tconst timezone = document.querySelector('input[name=\"timezone\"]');\n\t\t\t\tif ( timezone) {\n\t\t\t\t\tconst tz = Intl.DateTimeFormat().resolvedOptions().timeZone;\n\t\t\t\t\ttimezone.value = tz\n\t\t\t\t}\n\t\t\t});\n\t\t<\/script>\n\t\t\t<div class=\"tutor-d-flex tutor-justify-between tutor-align-center tutor-mb-40\">\n\t\t<div class=\"tutor-form-check\">\n\t\t\t<input id=\"tutor-login-agmnt-1\" type=\"checkbox\" class=\"tutor-form-check-input tutor-bg-black-40\" name=\"rememberme\" value=\"forever\" \/>\n\t\t\t<label for=\"tutor-login-agmnt-1\" class=\"tutor-fs-7 tutor-color-muted\">\n\t\t\t\tMantenerme conectado\t\t\t<\/label>\n\t\t<\/div>\n\t\t<a href=\"https:\/\/inveralfa.com\/dashboard\/retrieve-password\" class=\"tutor-btn tutor-btn-ghost\">\n\t\t\t\u00bfOlvidaste la contrase\u00f1a?\t\t<\/a>\n\t<\/div>\n\n\t\t<button type=\"submit\" class=\"tutor-btn tutor-btn-primary tutor-btn-block\">\n\t\tAcceder\t<\/button>\n\n\t\t\t\t\t<div class=\"tutor-text-center tutor-fs-6 tutor-color-secondary tutor-mt-20\">\n\t\t\t\u00bfNo tienes una cuenta?&nbsp;\n\t\t\t<a href=\"https:\/\/inveralfa.com\/student-registration\/?redirect_to=https:\/\/inveralfa.com\/es\/wp-json\/wp\/v2\/pages\/24929\" class=\"tutor-btn tutor-btn-link\">\n\t\t\t\tReg\u00edstrate ahora\t\t\t<\/a>\n\t\t<\/div>\n\t\t<\/form>\n<script>\n\tdocument.addEventListener('DOMContentLoaded', function() {\n\t\tvar loginModal = document.querySelector('.tutor-modal.tutor-login-modal');\n\t\tvar errors = [];\n\t\tif (loginModal && errors.length) {\n\t\t\tloginModal.classList.add('tutor-is-active');\n\t\t}\n\t});\n<\/script>\n\n\t\t\t\t\t\t\t\t\t<\/div>\n\t\t\t\t\t\t<style>\n\t\t\t#tutor-pro-twitter-login {\n\t\t\t\twidth: 400px; background-color: #00acee; border-color: #00acee; font-weight: bold;\n\t\t\t}\n\t\t<\/style>\n\t\t<div id=\"tutor-pro-social-authentication\" class=\"tutor-pt-24 tutor-d-flex tutor-flex-column tutor-align-center tutor-border-top-light\" style=\"gap: 10px;\">\n\t\t\t\t\t<\/div>\n\t\t\t\t\t<\/div>\n\t\t<\/div>\n\t<\/div>\n<\/div>\n\t\t\t\t<\/div>\n\t\t\t\t<\/div>\n\t\t\t\t<div class=\"elementor-element elementor-element-a91690e elementor-widget elementor-widget-edublink-button\" data-id=\"a91690e\" data-element_type=\"widget\" data-e-type=\"widget\" data-widget_type=\"edublink-button.default\">\n\t\t\t\t<div class=\"elementor-widget-container\">\n\t\t\t\t\t<div class=\"edublink-button-widget-wrapper\"><a class=\"edublink-button-item edublink-button-style-default edublink-button-size-custom edublink-button-icon-position-after default-style\" href=\"https:\/\/inveralfa.com\/courses\/\">Ver m\u00e1s cursos<i class=\"icon-4\"><\/i><\/a><\/div>\t\t\t\t<\/div>\n\t\t\t\t<\/div>\n\t\t\t\t\t<\/div>\n\t\t<\/div>\n\t\t\t\t\t<\/div>\n\t\t<\/section>\n\t\t<div class=\"elementor-element elementor-element-ab2e480 elementor-hidden-desktop elementor-hidden-tablet_extra elementor-hidden-tablet elementor-hidden-mobile_extra elementor-hidden-mobile e-flex e-con-boxed e-con e-parent\" data-id=\"ab2e480\" data-element_type=\"container\" data-e-type=\"container\">\n\t\t\t\t\t<div class=\"e-con-inner\">\n\t\t<div class=\"elementor-element elementor-element-f44a89d e-con-full e-flex e-con e-child\" data-id=\"f44a89d\" data-element_type=\"container\" data-e-type=\"container\">\n\t\t\t\t<div class=\"elementor-element elementor-element-adb2a57 elementor-invisible elementor-widget elementor-widget-edublink-heading\" data-id=\"adb2a57\" data-element_type=\"widget\" data-e-type=\"widget\" data-settings=\"{&quot;_animation&quot;:&quot;edublink--slide-up&quot;,&quot;_animation_delay&quot;:150}\" data-widget_type=\"edublink-heading.default\">\n\t\t\t\t<div class=\"elementor-widget-container\">\n\t\t\t\t\t<div class=\"edublink-section-heading\"><span class=\"pre-heading\">EQUIPO<\/span><h3 class=\"heading\">Detras de Inveralfa Academy<\/h3><div class=\"title-shape\"><i class=\"icon-19\"><\/i><\/div><\/div>\t\t\t\t<\/div>\n\t\t\t\t<\/div>\n\t\t\t\t<div class=\"elementor-element elementor-element-2ea2bb6 elementor-widget elementor-widget-text-editor\" data-id=\"2ea2bb6\" data-element_type=\"widget\" data-e-type=\"widget\" data-widget_type=\"text-editor.default\">\n\t\t\t\t\t\t\t\t\t<p style=\"text-align: left;\">Con m\u00e1s de 30 a\u00f1os de experiencia en el sector financiero, el director general de Inveralfa Academy combina su liderazgo como alto ejecutivo con una s\u00f3lida trayectoria en formaci\u00f3n profesional, lo que garantiza unos programas pr\u00e1cticos, exigentes y adaptados a las necesidades reales del mercado.<\/p>\t\t\t\t\t\t\t\t<\/div>\n\t\t\t\t<\/div>\n\t\t<div class=\"elementor-element elementor-element-3d6cd02 e-con-full e-flex e-con e-child\" data-id=\"3d6cd02\" data-element_type=\"container\" data-e-type=\"container\">\n\t\t\t\t<div class=\"elementor-element elementor-element-12221401 elementor-widget elementor-widget-edublink-team\" data-id=\"12221401\" data-element_type=\"widget\" data-e-type=\"widget\" data-widget_type=\"edublink-team.default\">\n\t\t\t\t<div class=\"elementor-widget-container\">\n\t\t\t\t\t<div class=\"eb-team-wrapper\"><div class=\"eb-team-container eb-team-grid edublink-row\"><div class=\"edublink-team-8-widget edublink-col-lg-12 edublink-col-md-12 edublink-col-sm-12\" data-sal=\"\"><div class=\"edublink-team-item\"><div class=\"thumbnail-wrap\"><div class=\"thumbnail\"><a href=\"https:\/\/inveralfa.com\/alvaro-laorden\/\"><img decoding=\"async\" src=\"https:\/\/inveralfa.com\/wp-content\/uploads\/2026\/02\/Alvaro-Laorden.jpg\" alt=\"Alvaro Laorden\"><\/a><\/div><ul class=\"team-share-info\"><li><a href=\"#\"><i class=\"icon-share-alt\"><\/i><\/a><\/li><li><a href=\"https:\/\/www.linkedin.com\/in\/alvarolaorden\/\" target=\"_blank\"><i class=\"icon-linkedin2\"><\/i><\/a><\/li><li><a href=\"mailto:alvaro.laorden@inveralfa.com\" target=\"_blank\"><i class=\"ri-mail-fill\"><\/i><\/a><\/li><\/ul><\/div><div class=\"content\"><h4 class=\"title\"><a href=\"https:\/\/inveralfa.com\/alvaro-laorden\/\">\u00c1lvaro Laorden<\/a><\/h4><span class=\"designation\">Director General de Inveralfa Academy<\/span><\/div><\/div><\/div><\/div><\/div>\t\t\t\t<\/div>\n\t\t\t\t<\/div>\n\t\t\t\t<\/div>\n\t\t\t\t\t<\/div>\n\t\t\t\t<\/div>\n\t\t\t\t<\/div>\n\t\t","protected":false},"excerpt":{"rendered":"<p>DESCUBRA NUESTRA ACADEMIA Oferta formativa que genera un impulso profesional Inveralfa Academy es la divisi\u00f3n de formaci\u00f3n de Inveralfa Solutions Group, dedicada al dise\u00f1o y la impartici\u00f3n de programas de formaci\u00f3n profesional para particulares y organizaciones que operan en entornos regulados y competitivos. Estamos especializados en \u00e1reas estrat\u00e9gicas como: Finanzas y regulaci\u00f3n financiera Desarrollo del&#8230;<\/p>\n","protected":false},"author":1,"featured_media":24917,"parent":0,"menu_order":0,"comment_status":"closed","ping_status":"closed","template":"","meta":{"footnotes":""},"class_list":["post-24929","page","type-page","status-publish","has-post-thumbnail","hentry"],"yoast_head":"<!-- This site is optimized with the Yoast SEO plugin v27.5 - https:\/\/yoast.com\/product\/yoast-seo-wordpress\/ -->\n<title>Formaci\u00f3n profesional en Luxemburgo | Inveralfa Academy<\/title>\n<meta name=\"description\" content=\"La Academia Inveralfa ofrece programas de formaci\u00f3n profesional en finanzas, normativa, protecci\u00f3n de datos y liderazgo para organizaciones que operan en entornos regulados.\" \/>\n<meta name=\"robots\" content=\"index, follow, max-snippet:-1, max-image-preview:large, max-video-preview:-1\" \/>\n<link rel=\"canonical\" href=\"https:\/\/inveralfa.com\/es\/inveralfa-academy\/\" \/>\n<meta property=\"og:locale\" content=\"es_ES\" \/>\n<meta property=\"og:type\" content=\"article\" \/>\n<meta property=\"og:title\" content=\"Formaci\u00f3n profesional en Luxemburgo | Inveralfa Academy\" \/>\n<meta property=\"og:description\" content=\"La Academia Inveralfa ofrece programas de formaci\u00f3n profesional en finanzas, normativa, protecci\u00f3n de datos y liderazgo para organizaciones que operan en entornos regulados.\" \/>\n<meta property=\"og:url\" content=\"https:\/\/inveralfa.com\/es\/inveralfa-academy\/\" \/>\n<meta property=\"og:site_name\" content=\"Inveralfa Solutions Group\" \/>\n<meta property=\"article:modified_time\" content=\"2026-04-27T19:36:35+00:00\" \/>\n<meta property=\"og:image\" content=\"https:\/\/inveralfa.com\/wp-content\/uploads\/2026\/02\/Alvaro-Formacion.png\" \/>\n\t<meta property=\"og:image:width\" content=\"1248\" \/>\n\t<meta property=\"og:image:height\" content=\"832\" \/>\n\t<meta property=\"og:image:type\" content=\"image\/png\" \/>\n<meta name=\"twitter:card\" content=\"summary_large_image\" \/>\n<meta name=\"twitter:label1\" content=\"Tiempo de lectura\" \/>\n\t<meta name=\"twitter:data1\" content=\"2 minutos\" \/>\n<script type=\"application\/ld+json\" class=\"yoast-schema-graph\">{\"@context\":\"https:\\\/\\\/schema.org\",\"@graph\":[{\"@type\":\"WebPage\",\"@id\":\"https:\\\/\\\/inveralfa.com\\\/es\\\/inveralfa-academy\\\/\",\"url\":\"https:\\\/\\\/inveralfa.com\\\/es\\\/inveralfa-academy\\\/\",\"name\":\"Formaci\u00f3n profesional en Luxemburgo | Inveralfa Academy\",\"isPartOf\":{\"@id\":\"https:\\\/\\\/inveralfa.com\\\/es\\\/#website\"},\"primaryImageOfPage\":{\"@id\":\"https:\\\/\\\/inveralfa.com\\\/es\\\/inveralfa-academy\\\/#primaryimage\"},\"image\":{\"@id\":\"https:\\\/\\\/inveralfa.com\\\/es\\\/inveralfa-academy\\\/#primaryimage\"},\"thumbnailUrl\":\"https:\\\/\\\/inveralfa.com\\\/wp-content\\\/uploads\\\/2026\\\/02\\\/Alvaro-Formacion.png\",\"datePublished\":\"2026-02-04T20:04:06+00:00\",\"dateModified\":\"2026-04-27T19:36:35+00:00\",\"description\":\"La Academia Inveralfa ofrece programas de formaci\u00f3n profesional en finanzas, normativa, protecci\u00f3n de datos y liderazgo para organizaciones que operan en entornos regulados.\",\"breadcrumb\":{\"@id\":\"https:\\\/\\\/inveralfa.com\\\/es\\\/inveralfa-academy\\\/#breadcrumb\"},\"inLanguage\":\"es\",\"potentialAction\":[{\"@type\":\"ReadAction\",\"target\":[\"https:\\\/\\\/inveralfa.com\\\/es\\\/inveralfa-academy\\\/\"]}]},{\"@type\":\"ImageObject\",\"inLanguage\":\"es\",\"@id\":\"https:\\\/\\\/inveralfa.com\\\/es\\\/inveralfa-academy\\\/#primaryimage\",\"url\":\"https:\\\/\\\/inveralfa.com\\\/wp-content\\\/uploads\\\/2026\\\/02\\\/Alvaro-Formacion.png\",\"contentUrl\":\"https:\\\/\\\/inveralfa.com\\\/wp-content\\\/uploads\\\/2026\\\/02\\\/Alvaro-Formacion.png\",\"width\":1248,\"height\":832},{\"@type\":\"BreadcrumbList\",\"@id\":\"https:\\\/\\\/inveralfa.com\\\/es\\\/inveralfa-academy\\\/#breadcrumb\",\"itemListElement\":[{\"@type\":\"ListItem\",\"position\":1,\"name\":\"Home\",\"item\":\"https:\\\/\\\/inveralfa.com\\\/es\\\/\"},{\"@type\":\"ListItem\",\"position\":2,\"name\":\"Inveralfa Academy\"}]},{\"@type\":\"WebSite\",\"@id\":\"https:\\\/\\\/inveralfa.com\\\/es\\\/#website\",\"url\":\"https:\\\/\\\/inveralfa.com\\\/es\\\/\",\"name\":\"Inveralfa Solutions Group\",\"description\":\"Strategic Consulting and Training Solutions from Luxembourg\",\"publisher\":{\"@id\":\"https:\\\/\\\/inveralfa.com\\\/es\\\/#organization\"},\"potentialAction\":[{\"@type\":\"SearchAction\",\"target\":{\"@type\":\"EntryPoint\",\"urlTemplate\":\"https:\\\/\\\/inveralfa.com\\\/es\\\/?s={search_term_string}\"},\"query-input\":{\"@type\":\"PropertyValueSpecification\",\"valueRequired\":true,\"valueName\":\"search_term_string\"}}],\"inLanguage\":\"es\"},{\"@type\":\"Organization\",\"@id\":\"https:\\\/\\\/inveralfa.com\\\/es\\\/#organization\",\"name\":\"Inveralfa Solutions Group\",\"url\":\"https:\\\/\\\/inveralfa.com\\\/es\\\/\",\"logo\":{\"@type\":\"ImageObject\",\"inLanguage\":\"es\",\"@id\":\"https:\\\/\\\/inveralfa.com\\\/es\\\/#\\\/schema\\\/logo\\\/image\\\/\",\"url\":\"https:\\\/\\\/inveralfa.com\\\/wp-content\\\/uploads\\\/2026\\\/02\\\/cropped-Inveralfa-1-e1775120973599.png\",\"contentUrl\":\"https:\\\/\\\/inveralfa.com\\\/wp-content\\\/uploads\\\/2026\\\/02\\\/cropped-Inveralfa-1-e1775120973599.png\",\"width\":150,\"height\":49,\"caption\":\"Inveralfa Solutions Group\"},\"image\":{\"@id\":\"https:\\\/\\\/inveralfa.com\\\/es\\\/#\\\/schema\\\/logo\\\/image\\\/\"}}]}<\/script>\n<!-- \/ Yoast SEO plugin. -->","yoast_head_json":{"title":"Formaci\u00f3n profesional en Luxemburgo | Inveralfa Academy","description":"La Academia Inveralfa ofrece programas de formaci\u00f3n profesional en finanzas, normativa, protecci\u00f3n de datos y liderazgo para organizaciones que operan en entornos regulados.","robots":{"index":"index","follow":"follow","max-snippet":"max-snippet:-1","max-image-preview":"max-image-preview:large","max-video-preview":"max-video-preview:-1"},"canonical":"https:\/\/inveralfa.com\/es\/inveralfa-academy\/","og_locale":"es_ES","og_type":"article","og_title":"Formaci\u00f3n profesional en Luxemburgo | Inveralfa Academy","og_description":"La Academia Inveralfa ofrece programas de formaci\u00f3n profesional en finanzas, normativa, protecci\u00f3n de datos y liderazgo para organizaciones que operan en entornos regulados.","og_url":"https:\/\/inveralfa.com\/es\/inveralfa-academy\/","og_site_name":"Inveralfa Solutions Group","article_modified_time":"2026-04-27T19:36:35+00:00","og_image":[{"width":1248,"height":832,"url":"https:\/\/inveralfa.com\/wp-content\/uploads\/2026\/02\/Alvaro-Formacion.png","type":"image\/png"}],"twitter_card":"summary_large_image","twitter_misc":{"Tiempo de lectura":"2 minutos"},"schema":{"@context":"https:\/\/schema.org","@graph":[{"@type":"WebPage","@id":"https:\/\/inveralfa.com\/es\/inveralfa-academy\/","url":"https:\/\/inveralfa.com\/es\/inveralfa-academy\/","name":"Formaci\u00f3n profesional en Luxemburgo | Inveralfa Academy","isPartOf":{"@id":"https:\/\/inveralfa.com\/es\/#website"},"primaryImageOfPage":{"@id":"https:\/\/inveralfa.com\/es\/inveralfa-academy\/#primaryimage"},"image":{"@id":"https:\/\/inveralfa.com\/es\/inveralfa-academy\/#primaryimage"},"thumbnailUrl":"https:\/\/inveralfa.com\/wp-content\/uploads\/2026\/02\/Alvaro-Formacion.png","datePublished":"2026-02-04T20:04:06+00:00","dateModified":"2026-04-27T19:36:35+00:00","description":"La Academia Inveralfa ofrece programas de formaci\u00f3n profesional en finanzas, normativa, protecci\u00f3n de datos y liderazgo para organizaciones que operan en entornos regulados.","breadcrumb":{"@id":"https:\/\/inveralfa.com\/es\/inveralfa-academy\/#breadcrumb"},"inLanguage":"es","potentialAction":[{"@type":"ReadAction","target":["https:\/\/inveralfa.com\/es\/inveralfa-academy\/"]}]},{"@type":"ImageObject","inLanguage":"es","@id":"https:\/\/inveralfa.com\/es\/inveralfa-academy\/#primaryimage","url":"https:\/\/inveralfa.com\/wp-content\/uploads\/2026\/02\/Alvaro-Formacion.png","contentUrl":"https:\/\/inveralfa.com\/wp-content\/uploads\/2026\/02\/Alvaro-Formacion.png","width":1248,"height":832},{"@type":"BreadcrumbList","@id":"https:\/\/inveralfa.com\/es\/inveralfa-academy\/#breadcrumb","itemListElement":[{"@type":"ListItem","position":1,"name":"Home","item":"https:\/\/inveralfa.com\/es\/"},{"@type":"ListItem","position":2,"name":"Inveralfa Academy"}]},{"@type":"WebSite","@id":"https:\/\/inveralfa.com\/es\/#website","url":"https:\/\/inveralfa.com\/es\/","name":"Inveralfa Solutions Group","description":"Strategic Consulting and Training Solutions from Luxembourg","publisher":{"@id":"https:\/\/inveralfa.com\/es\/#organization"},"potentialAction":[{"@type":"SearchAction","target":{"@type":"EntryPoint","urlTemplate":"https:\/\/inveralfa.com\/es\/?s={search_term_string}"},"query-input":{"@type":"PropertyValueSpecification","valueRequired":true,"valueName":"search_term_string"}}],"inLanguage":"es"},{"@type":"Organization","@id":"https:\/\/inveralfa.com\/es\/#organization","name":"Inveralfa Solutions Group","url":"https:\/\/inveralfa.com\/es\/","logo":{"@type":"ImageObject","inLanguage":"es","@id":"https:\/\/inveralfa.com\/es\/#\/schema\/logo\/image\/","url":"https:\/\/inveralfa.com\/wp-content\/uploads\/2026\/02\/cropped-Inveralfa-1-e1775120973599.png","contentUrl":"https:\/\/inveralfa.com\/wp-content\/uploads\/2026\/02\/cropped-Inveralfa-1-e1775120973599.png","width":150,"height":49,"caption":"Inveralfa Solutions Group"},"image":{"@id":"https:\/\/inveralfa.com\/es\/#\/schema\/logo\/image\/"}}]}},"_links":{"self":[{"href":"https:\/\/inveralfa.com\/es\/wp-json\/wp\/v2\/pages\/24929","targetHints":{"allow":["GET"]}}],"collection":[{"href":"https:\/\/inveralfa.com\/es\/wp-json\/wp\/v2\/pages"}],"about":[{"href":"https:\/\/inveralfa.com\/es\/wp-json\/wp\/v2\/types\/page"}],"author":[{"embeddable":true,"href":"https:\/\/inveralfa.com\/es\/wp-json\/wp\/v2\/users\/1"}],"replies":[{"embeddable":true,"href":"https:\/\/inveralfa.com\/es\/wp-json\/wp\/v2\/comments?post=24929"}],"version-history":[{"count":3,"href":"https:\/\/inveralfa.com\/es\/wp-json\/wp\/v2\/pages\/24929\/revisions"}],"predecessor-version":[{"id":24932,"href":"https:\/\/inveralfa.com\/es\/wp-json\/wp\/v2\/pages\/24929\/revisions\/24932"}],"wp:featuredmedia":[{"embeddable":true,"href":"https:\/\/inveralfa.com\/es\/wp-json\/wp\/v2\/media\/24917"}],"wp:attachment":[{"href":"https:\/\/inveralfa.com\/es\/wp-json\/wp\/v2\/media?parent=24929"}],"curies":[{"name":"wp","href":"https:\/\/api.w.org\/{rel}","templated":true}]}}